{"id":1965,"date":"2022-12-29T16:53:08","date_gmt":"2022-12-29T16:53:08","guid":{"rendered":"http:\/\/teatroloselementos.cult.cu\/?page_id=1965"},"modified":"2023-05-02T17:17:11","modified_gmt":"2023-05-02T17:17:11","slug":"1965-2","status":"publish","type":"page","link":"https:\/\/teatroloselementos.cult.cu\/index.php\/1965-2\/","title":{"rendered":"Galer\u00eda Virtual \u00a8\u00a8El Jovero\u00a8\u00a8"},"content":{"rendered":"\n<section id=\"section-deb9d96e-7917-4247-901b-5f973a567d19\" class=\"wp-block-gutentor-image-slider gutentor-section gutentor-image-slider imageSlider-template1\"><div class=\"gutentor-grid-item-wrap\"><div class=\"gutentor-slider-wrapper\" data-dots=\"false\" data-arrows=\"true\" data-infinite=\"false\" data-nextarrow=\"fas fa-angle-right\" data-prevarrow=\"fas fa-angle-left\" data-autoplay=\"false\" data-autoplayspeed=\"2000\" data-fade=\"false\" data-speed=\"1400\"><div class=\"gutentor-slider-item\"><div class=\"gutentor-single-item gutentor-single-item-0\"><div class=\"gutentor-single-item-wrap\"><div class=\"gutentor-single-item-image-box\"><div class=\"gutentor-bg-image\"><div class=\"overlay\"><\/div><\/div><\/div><div class=\"gutentor-single-item-content\"><div class=\"grid-container\"><div class=\"slider-caption text-left\"><\/div><\/div><\/div><\/div><\/div><\/div><\/div><\/div><\/section>\n\n\n\n<section id=\"section-d08df0ff-353c-45e7-a1e1-e8c42f04b2ef\" class=\"wp-block-gutentor-content-box gutentor-section gutentor-content-box-wrapper content-template1\"><div class=\"grid-container\"><div class=\"grid-row gutentor-grid-item-wrap\"><div class=\"gutentor-grid-column grid-lg-6 grid-md-6 grid-12\"><div class=\"gutentor-single-item gutentor-single-item-0\"><div class=\"gutentor-single-item-wrap\"><div class=\"gutentor-single-item-content\"><p class=\"gutentor-single-item-desc\">La primera Galer\u00eda Rural de Cuba ubicada  en la sede del Grupo Teatro Los Elementos, en Cumanayagua, Cienfuegos. El Estudio Galer\u00eda Molino Rojo es un proyecto cultural comunitario de Nelson Dom\u00ednguez, Premio Nacional de Artes Pl\u00e1sticas 2009, y Jos\u00e9 Oriol Gonz\u00e1lez , director del Grupo de Teatro Los Elementos.<br>Oriol y su grupo de teatro radican en el Escambray cienfueguero desde hace m\u00e1s de 31 a\u00f1os. Utilizan los elementos que ofrece la naturaleza y viven en completa armon\u00eda con el medio ambiente. <br>La Galer\u00eda cuenta con un espacio ideal para  estrenos de  exposiciones de artistas nacionales e internacionales,  presentaciones  de la compa\u00f1\u00eda Teatro Los Elementos, entre otras actividades.<br><\/p><\/div><\/div><\/div><\/div><div class=\"gutentor-grid-column grid-lg-6 grid-md-6 grid-12\"><div class=\"gutentor-single-item gutentor-single-item-1\"><div class=\"gutentor-single-item-wrap\"><div class=\"gutentor-single-item-content\"><p class=\"gutentor-single-item-desc\"> Nelson desarrolla otros proyectos como Bolsillo Flaco que incentiva el coleccionismo popular en obras de peque\u00f1o formato y los Hospitales-Galer\u00eda que fomenta la creaci\u00f3n de murales confeccionados en cer\u00e1mica que son donados a hospitales provinciales. Existen actualmente en Camag\u00fcey, Las Tunas y Cienfuegos.<br>Para Oriol . \u201cLa galer\u00eda es una fortaleza y representa el pasado campesino de Nelson\u201d, agreg\u00f3.<br>El arte cubano contempor\u00e1neo est\u00e1 representado en un caser\u00f3n de guano similar a una \u201cvalla de gallos\u201d. El empe\u00f1o de Dom\u00ednguez y de Oriol, y de muchos otros nombres an\u00f3nimos que acudieron al llamado, dota la serran\u00eda de un espacio  imprescindible para hablar de arte rural en Cuba.<\/p><\/div><\/div><\/div><\/div><\/div><\/div><\/section>\n\n\n\n<section id=\"section-c6e8990e-5ecf-4df1-b615-287feb48860d\" class=\"wp-block-gutentor-about-block gutentor-section gutentor-about about-template1 has-color-bg has-custom-bg\"><div class=\"grid-container\"><div class=\"gutentor-grid-item-wrap\"><div class=\"gutentor-single-item\"><div class=\"grid-row\"><div class=\"grid-md-6 about-grid\"><div class=\"gutentor-single-item-image-box\"><div class=\"gutentor-image-thumb\"><img loading=\"lazy\" decoding=\"async\" class=\"normal-image\" src=\"http:\/\/teatroloselementos.cult.cu\/wp-content\/uploads\/2023\/01\/nelson-01.jpg\" alt=\"\" height=\"385\" width=\"580\"\/><\/div><\/div><\/div><div class=\"grid-md-6 about-grid\"><div class=\"gutentor-single-item-content\"><div class=\"gutentor-about-content\"><h3 class=\"gutentor-single-item-title\">Nelson Dom\u00ednguez<\/h3><p class=\"gutentor-single-item-desc\"><br><br><strong>Ubicada en el Macizo de Guamuhaya, Jovero Verde acoge la primera Galer\u00eda Rural de Cuba, Estudio Galer\u00eda Molino Rojo; un proyecto cultural comunitario de Nelson Dom\u00ednguez, Premio Nacional de Artes Pl\u00e1sticas 2009 y Jos\u00e9 Oriol Gonz\u00e1lez , Director del Grupo de\u00a0Teatro Los Elementos.<br><\/strong><br><\/p><\/div><\/div><\/div><\/div><\/div><\/div><\/div><\/section>\n\n\n\n<p class=\"has-text-align-center has-white-color has-black-background-color has-text-color has-background has-x-large-font-size\"><strong>VER EXPOSICI\u00d3NES <\/strong><\/p>\n\n\n\n<p><\/p>\n\n\n<section class=\"gutentor-post-module section-cd706581-b12f-409d-8c31-0c297bbbb0b9 gutentor-post-module-p1 gutentor_p1_template5 wp-block-gutentor-p1  gutentor-cat-pos-img-top-left gutentor-blog-grid\" id=\"cd706581-b12f-409d-8c31-0c297bbbb0b9\" data-gbid=\"cd706581-b12f-409d-8c31-0c297bbbb0b9\" >\n<div class='grid-container'><div class='grid-row' ><article class='gutentor-post  grid-lg-3 grid-md-4 grid-12  text-align-center-mobile'><div class='gutentor-post-item gptm-item'><div class='gptm-bg-image gptm-item-height g-overlay  g-pos-center-cont-m g-pos-center-cont-t g-pos-center-cont-d' style='background-image:url(https:\/\/teatroloselementos.cult.cu\/wp-content\/uploads\/2023\/02\/12-min.jpg)'><div class=\"gutentor-categories\"><a href=\"https:\/\/teatroloselementos.cult.cu\/index.php\/category\/galeria-rural\/ \" class=\"post-category gutentor-cat-galeria-rural\" rel=\"category tag\">Galer\u00eda Rural<\/a> <\/div><div class=\"gutentor-post-content \"><h3 class=\"gutentor-post-title\"><a href=\"https:\/\/teatroloselementos.cult.cu\/index.php\/2023\/02\/14\/2338\/\" rel=\"bookmark\">Exposici\u00f3n Mixta<\/a><\/h3><div class=\"gutentor-post-desc\">Nelson Dom\u00ednguez\u00a0Cede\u00f1o\n\nArtista de la pl\u00e1stica que se desarrolla en la pintura, grabado, cer\u00e1mica y&hellip;<\/div><div class=\"gutentor-entry-meta gutentor-entry-meta-secondary\"><div class=\"author vcard\"><i class=\"far fa-user\"><\/i><a href=\"https:\/\/teatroloselementos.cult.cu\/index.php\/2023\/02\/14\/2338\/\" rel=\"bookmark\">teatro<\/a><\/div><div class=\"posted-on\"><i class=\"far fa-calendar-alt\"><\/i><a href=\"https:\/\/teatroloselementos.cult.cu\/index.php\/2023\/02\/14\/2338\/\" rel=\"bookmark\">14 de febrero de 2023<\/a><\/div><\/div><\/div><\/div><\/div><\/article><article class='gutentor-post  grid-lg-3 grid-md-4 grid-12  text-align-center-mobile'><div class='gutentor-post-item gptm-item'><div class='gptm-bg-image gptm-item-height g-overlay  g-pos-center-cont-m g-pos-center-cont-t g-pos-center-cont-d' style='background-image:url(https:\/\/teatroloselementos.cult.cu\/wp-content\/uploads\/2023\/02\/Destacada.jpg)'><div class=\"gutentor-categories\"><a href=\"https:\/\/teatroloselementos.cult.cu\/index.php\/category\/galeria-rural\/ \" class=\"post-category gutentor-cat-galeria-rural\" rel=\"category tag\">Galer\u00eda Rural<\/a> <a href=\"https:\/\/teatroloselementos.cult.cu\/index.php\/category\/news\/ \" class=\"post-category gutentor-cat-news\" rel=\"category tag\">News<\/a> <\/div><div class=\"gutentor-post-content \"><h3 class=\"gutentor-post-title\"><a href=\"https:\/\/teatroloselementos.cult.cu\/index.php\/2023\/02\/14\/2338-2\/\" rel=\"bookmark\">Exposici\u00f3n del Pintor Antonino Santiago Garc\u00eda en Galer\u00eda Jovero Verde<\/a><\/h3><div class=\"gutentor-post-desc\">Antonio Santiago Garc\u00edaExposici\u00f3n personal del artista cienfueguero Antonio Santiago Garc\u00eda, en la G&hellip;<\/div><div class=\"gutentor-entry-meta gutentor-entry-meta-secondary\"><div class=\"author vcard\"><i class=\"far fa-user\"><\/i><a href=\"https:\/\/teatroloselementos.cult.cu\/index.php\/2023\/02\/14\/2338-2\/\" rel=\"bookmark\">teatro<\/a><\/div><div class=\"posted-on\"><i class=\"far fa-calendar-alt\"><\/i><a href=\"https:\/\/teatroloselementos.cult.cu\/index.php\/2023\/02\/14\/2338-2\/\" rel=\"bookmark\">14 de febrero de 2023<\/a><\/div><\/div><\/div><\/div><\/div><\/article><article class='gutentor-post  grid-lg-3 grid-md-4 grid-12  text-align-center-mobile'><div class='gutentor-post-item gptm-item'><div class='gptm-bg-image gptm-item-height g-overlay  g-pos-center-cont-m g-pos-center-cont-t g-pos-center-cont-d' style='background-image:url(https:\/\/teatroloselementos.cult.cu\/wp-content\/uploads\/2023\/04\/20230421_111904-min.jpg)'><div class=\"gutentor-categories\"><a href=\"https:\/\/teatroloselementos.cult.cu\/index.php\/category\/galeria-rural\/ \" class=\"post-category gutentor-cat-galeria-rural\" rel=\"category tag\">Galer\u00eda Rural<\/a> <a href=\"https:\/\/teatroloselementos.cult.cu\/index.php\/category\/news\/ \" class=\"post-category gutentor-cat-news\" rel=\"category tag\">News<\/a> <\/div><div class=\"gutentor-post-content \"><h3 class=\"gutentor-post-title\"><a href=\"https:\/\/teatroloselementos.cult.cu\/index.php\/2023\/02\/14\/2338-2-2\/\" rel=\"bookmark\">Exposici\u00f3n del Alfredo El\u00edas S\u00e1nchez Iglesias en Galer\u00eda Jobero Verde<\/a><\/h3><div class=\"gutentor-post-desc\">Alfredo El\u00edas S\u00e1nchez IglesiaExposici\u00f3n personal del artista cienfueguero  en la Galer\u00eda Rural El Jo&hellip;<\/div><div class=\"gutentor-entry-meta gutentor-entry-meta-secondary\"><div class=\"author vcard\"><i class=\"far fa-user\"><\/i><a href=\"https:\/\/teatroloselementos.cult.cu\/index.php\/2023\/02\/14\/2338-2-2\/\" rel=\"bookmark\">teatro<\/a><\/div><div class=\"posted-on\"><i class=\"far fa-calendar-alt\"><\/i><a href=\"https:\/\/teatroloselementos.cult.cu\/index.php\/2023\/02\/14\/2338-2-2\/\" rel=\"bookmark\">14 de febrero de 2023<\/a><\/div><\/div><\/div><\/div><\/div><\/article><article class='gutentor-post  grid-lg-3 grid-md-4 grid-12  text-align-center-mobile'><div class='gutentor-post-item gptm-item'><div class='gptm-bg-image gptm-item-height g-overlay  g-pos-center-cont-m g-pos-center-cont-t g-pos-center-cont-d' style='background-image:url(https:\/\/teatroloselementos.cult.cu\/wp-content\/uploads\/2023\/02\/20230428_095102-min.jpg)'><div class=\"gutentor-categories\"><a href=\"https:\/\/teatroloselementos.cult.cu\/index.php\/category\/galeria-rural\/ \" class=\"post-category gutentor-cat-galeria-rural\" rel=\"category tag\">Galer\u00eda Rural<\/a> <a href=\"https:\/\/teatroloselementos.cult.cu\/index.php\/category\/news\/ \" class=\"post-category gutentor-cat-news\" rel=\"category tag\">News<\/a> <\/div><div class=\"gutentor-post-content \"><h3 class=\"gutentor-post-title\"><a href=\"https:\/\/teatroloselementos.cult.cu\/index.php\/2023\/02\/14\/2338-2-2-2\/\" rel=\"bookmark\">Exposici\u00f3n \u00a8Gr\u00e1fica y Dibujo\u00a8de Nelson Dom\u00ednguez Cede\u00f1o<\/a><\/h3><div class=\"gutentor-post-desc\">Nelson Dom\u00ednguez Cede\u00f1o V\u00ednculos culturales entre Cuba y Egipto acontecieron este Domingo en nuestra&hellip;<\/div><div class=\"gutentor-entry-meta gutentor-entry-meta-secondary\"><div class=\"author vcard\"><i class=\"far fa-user\"><\/i><a href=\"https:\/\/teatroloselementos.cult.cu\/index.php\/2023\/02\/14\/2338-2-2-2\/\" rel=\"bookmark\">teatro<\/a><\/div><div class=\"posted-on\"><i class=\"far fa-calendar-alt\"><\/i><a href=\"https:\/\/teatroloselementos.cult.cu\/index.php\/2023\/02\/14\/2338-2-2-2\/\" rel=\"bookmark\">14 de febrero de 2023<\/a><\/div><\/div><\/div><\/div><\/div><\/article><\/div><\/div><\/section>","protected":false},"excerpt":{"rendered":"<p>VER EXPOSICI\u00d3NES<\/p>\n","protected":false},"author":1,"featured_media":0,"parent":0,"menu_order":0,"comment_status":"closed","ping_status":"closed","template":"","meta":{"footnotes":""},"class_list":["post-1965","page","type-page","status-publish","hentry"],"yoast_head":"<!-- This site is optimized with the Yoast SEO plugin v20.9 - https:\/\/yoast.com\/wordpress\/plugins\/seo\/ -->\n<title>Galer\u00eda Virtual \u00a8\u00a8El Jovero\u00a8\u00a8 - Teatro de los Elementos<\/title>\n<meta name=\"robots\" content=\"index, follow, max-snippet:-1, max-image-preview:large, max-video-preview:-1\" \/>\n<link rel=\"canonical\" href=\"https:\/\/teatroloselementos.cult.cu\/index.php\/1965-2\/\" \/>\n<meta property=\"og:locale\" content=\"es_ES\" \/>\n<meta property=\"og:type\" content=\"article\" \/>\n<meta property=\"og:title\" content=\"Galer\u00eda Virtual \u00a8\u00a8El Jovero\u00a8\u00a8 - Teatro de los Elementos\" \/>\n<meta property=\"og:description\" content=\"VER EXPOSICI\u00d3NES\" \/>\n<meta property=\"og:url\" content=\"https:\/\/teatroloselementos.cult.cu\/index.php\/1965-2\/\" \/>\n<meta property=\"og:site_name\" content=\"Teatro de los Elementos\" \/>\n<meta property=\"article:modified_time\" content=\"2023-05-02T17:17:11+00:00\" \/>\n<meta property=\"og:image\" content=\"http:\/\/teatroloselementos.cult.cu\/wp-content\/uploads\/2023\/01\/nelson-01.jpg\" \/>\n<meta name=\"twitter:card\" content=\"summary_large_image\" \/>\n<meta name=\"twitter:label1\" content=\"Tiempo de lectura\" \/>\n\t<meta name=\"twitter:data1\" content=\"2 minutos\" \/>\n<script type=\"application\/ld+json\" class=\"yoast-schema-graph\">{\"@context\":\"https:\/\/schema.org\",\"@graph\":[{\"@type\":\"WebPage\",\"@id\":\"https:\/\/teatroloselementos.cult.cu\/index.php\/1965-2\/\",\"url\":\"https:\/\/teatroloselementos.cult.cu\/index.php\/1965-2\/\",\"name\":\"Galer\u00eda Virtual \u00a8\u00a8El Jovero\u00a8\u00a8 - Teatro de los Elementos\",\"isPartOf\":{\"@id\":\"https:\/\/teatroloselementos.cult.cu\/#website\"},\"datePublished\":\"2022-12-29T16:53:08+00:00\",\"dateModified\":\"2023-05-02T17:17:11+00:00\",\"breadcrumb\":{\"@id\":\"https:\/\/teatroloselementos.cult.cu\/index.php\/1965-2\/#breadcrumb\"},\"inLanguage\":\"es\",\"potentialAction\":[{\"@type\":\"ReadAction\",\"target\":[\"https:\/\/teatroloselementos.cult.cu\/index.php\/1965-2\/\"]}]},{\"@type\":\"BreadcrumbList\",\"@id\":\"https:\/\/teatroloselementos.cult.cu\/index.php\/1965-2\/#breadcrumb\",\"itemListElement\":[{\"@type\":\"ListItem\",\"position\":1,\"name\":\"Portada\",\"item\":\"https:\/\/teatroloselementos.cult.cu\/\"},{\"@type\":\"ListItem\",\"position\":2,\"name\":\"Galer\u00eda Virtual \u00a8\u00a8El Jovero\u00a8\u00a8\"}]},{\"@type\":\"WebSite\",\"@id\":\"https:\/\/teatroloselementos.cult.cu\/#website\",\"url\":\"https:\/\/teatroloselementos.cult.cu\/\",\"name\":\"Teatro de los Elementos\",\"description\":\"\",\"publisher\":{\"@id\":\"https:\/\/teatroloselementos.cult.cu\/#organization\"},\"potentialAction\":[{\"@type\":\"SearchAction\",\"target\":{\"@type\":\"EntryPoint\",\"urlTemplate\":\"https:\/\/teatroloselementos.cult.cu\/?s={search_term_string}\"},\"query-input\":\"required name=search_term_string\"}],\"inLanguage\":\"es\"},{\"@type\":\"Organization\",\"@id\":\"https:\/\/teatroloselementos.cult.cu\/#organization\",\"name\":\"Teatro de los Elementos\",\"url\":\"https:\/\/teatroloselementos.cult.cu\/\",\"logo\":{\"@type\":\"ImageObject\",\"inLanguage\":\"es\",\"@id\":\"https:\/\/teatroloselementos.cult.cu\/#\/schema\/logo\/image\/\",\"url\":\"https:\/\/teatroloselementos.cult.cu\/wp-content\/uploads\/2022\/11\/baner-2.jpg\",\"contentUrl\":\"https:\/\/teatroloselementos.cult.cu\/wp-content\/uploads\/2022\/11\/baner-2.jpg\",\"width\":1100,\"height\":200,\"caption\":\"Teatro de los  Elementos\"},\"image\":{\"@id\":\"https:\/\/teatroloselementos.cult.cu\/#\/schema\/logo\/image\/\"}}]}<\/script>\n<!-- \/ Yoast SEO plugin. -->","yoast_head_json":{"title":"Galer\u00eda Virtual \u00a8\u00a8El Jovero\u00a8\u00a8 - Teatro de los Elementos","robots":{"index":"index","follow":"follow","max-snippet":"max-snippet:-1","max-image-preview":"max-image-preview:large","max-video-preview":"max-video-preview:-1"},"canonical":"https:\/\/teatroloselementos.cult.cu\/index.php\/1965-2\/","og_locale":"es_ES","og_type":"article","og_title":"Galer\u00eda Virtual \u00a8\u00a8El Jovero\u00a8\u00a8 - Teatro de los Elementos","og_description":"VER EXPOSICI\u00d3NES","og_url":"https:\/\/teatroloselementos.cult.cu\/index.php\/1965-2\/","og_site_name":"Teatro de los Elementos","article_modified_time":"2023-05-02T17:17:11+00:00","og_image":[{"url":"http:\/\/teatroloselementos.cult.cu\/wp-content\/uploads\/2023\/01\/nelson-01.jpg"}],"twitter_card":"summary_large_image","twitter_misc":{"Tiempo de lectura":"2 minutos"},"schema":{"@context":"https:\/\/schema.org","@graph":[{"@type":"WebPage","@id":"https:\/\/teatroloselementos.cult.cu\/index.php\/1965-2\/","url":"https:\/\/teatroloselementos.cult.cu\/index.php\/1965-2\/","name":"Galer\u00eda Virtual \u00a8\u00a8El Jovero\u00a8\u00a8 - Teatro de los Elementos","isPartOf":{"@id":"https:\/\/teatroloselementos.cult.cu\/#website"},"datePublished":"2022-12-29T16:53:08+00:00","dateModified":"2023-05-02T17:17:11+00:00","breadcrumb":{"@id":"https:\/\/teatroloselementos.cult.cu\/index.php\/1965-2\/#breadcrumb"},"inLanguage":"es","potentialAction":[{"@type":"ReadAction","target":["https:\/\/teatroloselementos.cult.cu\/index.php\/1965-2\/"]}]},{"@type":"BreadcrumbList","@id":"https:\/\/teatroloselementos.cult.cu\/index.php\/1965-2\/#breadcrumb","itemListElement":[{"@type":"ListItem","position":1,"name":"Portada","item":"https:\/\/teatroloselementos.cult.cu\/"},{"@type":"ListItem","position":2,"name":"Galer\u00eda Virtual \u00a8\u00a8El Jovero\u00a8\u00a8"}]},{"@type":"WebSite","@id":"https:\/\/teatroloselementos.cult.cu\/#website","url":"https:\/\/teatroloselementos.cult.cu\/","name":"Teatro de los Elementos","description":"","publisher":{"@id":"https:\/\/teatroloselementos.cult.cu\/#organization"},"potentialAction":[{"@type":"SearchAction","target":{"@type":"EntryPoint","urlTemplate":"https:\/\/teatroloselementos.cult.cu\/?s={search_term_string}"},"query-input":"required name=search_term_string"}],"inLanguage":"es"},{"@type":"Organization","@id":"https:\/\/teatroloselementos.cult.cu\/#organization","name":"Teatro de los Elementos","url":"https:\/\/teatroloselementos.cult.cu\/","logo":{"@type":"ImageObject","inLanguage":"es","@id":"https:\/\/teatroloselementos.cult.cu\/#\/schema\/logo\/image\/","url":"https:\/\/teatroloselementos.cult.cu\/wp-content\/uploads\/2022\/11\/baner-2.jpg","contentUrl":"https:\/\/teatroloselementos.cult.cu\/wp-content\/uploads\/2022\/11\/baner-2.jpg","width":1100,"height":200,"caption":"Teatro de los  Elementos"},"image":{"@id":"https:\/\/teatroloselementos.cult.cu\/#\/schema\/logo\/image\/"}}]}},"_links":{"self":[{"href":"https:\/\/teatroloselementos.cult.cu\/index.php\/wp-json\/wp\/v2\/pages\/1965","targetHints":{"allow":["GET"]}}],"collection":[{"href":"https:\/\/teatroloselementos.cult.cu\/index.php\/wp-json\/wp\/v2\/pages"}],"about":[{"href":"https:\/\/teatroloselementos.cult.cu\/index.php\/wp-json\/wp\/v2\/types\/page"}],"author":[{"embeddable":true,"href":"https:\/\/teatroloselementos.cult.cu\/index.php\/wp-json\/wp\/v2\/users\/1"}],"replies":[{"embeddable":true,"href":"https:\/\/teatroloselementos.cult.cu\/index.php\/wp-json\/wp\/v2\/comments?post=1965"}],"version-history":[{"count":31,"href":"https:\/\/teatroloselementos.cult.cu\/index.php\/wp-json\/wp\/v2\/pages\/1965\/revisions"}],"predecessor-version":[{"id":3680,"href":"https:\/\/teatroloselementos.cult.cu\/index.php\/wp-json\/wp\/v2\/pages\/1965\/revisions\/3680"}],"wp:attachment":[{"href":"https:\/\/teatroloselementos.cult.cu\/index.php\/wp-json\/wp\/v2\/media?parent=1965"}],"curies":[{"name":"wp","href":"https:\/\/api.w.org\/{rel}","templated":true}]}}