{"id":583,"date":"2022-06-29T23:42:47","date_gmt":"2022-06-29T23:42:47","guid":{"rendered":"http:\/\/localhost\/teatrodeloselementos2\/?page_id=583"},"modified":"2023-03-01T16:39:49","modified_gmt":"2023-03-01T16:39:49","slug":"premios-y-distinciones","status":"publish","type":"page","link":"https:\/\/teatroloselementos.cult.cu\/index.php\/premios-y-distinciones\/","title":{"rendered":"Premios y Distinciones"},"content":{"rendered":"<h1 style=\"font-variant-ligatures: normal; font-variant-caps: normal; font-family: var( --e-global-typography-primary-font-family ), Sans-serif; font-style: normal; font-weight: 900; color: #1d518a; text-align: left;\" data-elementor-setting-key=\"title\" data-pen-placeholder=\"Type Here...\">PREMIOS Y DISTINCIONES<\/h1>\n<ul style=\"font-variant-ligatures: normal; font-variant-caps: normal; font-family: Roboto, sans-serif; font-size: 16px; font-style: normal; font-weight: 400;\">\n<li style=\"font-size: 16px;\">Distinci\u00f3n por la Cultura Nacional, Conferida a Jos\u00e9 Oriol Gonz\u00e1lez. 1996.<\/li>\n<li style=\"font-size: 16px;\">Premio a la mejor puesta en escena con la obra \u201cInmigrantes\u201d en el Primer Festival Tomas Terry. Cienfuegos. 1996.<\/li>\n<li style=\"font-size: 16px;\">Premio \u00fanico en puesta en escena a \u201cInmigrantes\u201d.\u00a0 Asociaci\u00f3n \u201cHermanos Saiz\u201d Festival Nacional de Teatro. Camag\u00fcey. 1996.<\/li>\n<li style=\"font-size: 16px;\">Primer premio, a \u201cInmigrantes\u201d . Primer Festival Arqu\u00edmedes Pous. Cienfuegos. 1997.<\/li>\n<li style=\"font-size: 16px;\">Premio de direcci\u00f3n conferido a Jos\u00e9 Oriol por el unipersonal Malcolm X. Festival Arqu\u00edmedes Pous. Cienfuegos. 1997.<\/li>\n<li style=\"font-size: 16px;\">Reconocimiento \u201cJuan Marinello\u201d a Jos\u00e9 Oriol por su destacada labor comunitaria. Cienfuegos. Noviembre 1998.<\/li>\n<li style=\"font-size: 16px;\">Orden Felix V\u00e1rela a Jos\u00e9 Oriol Gonz\u00e1lez por su trayectoria art\u00edstica. 1999.<\/li>\n<li style=\"font-size: 16px;\">Premio Tomas Terry a la mejor puesta en escena por la obra \u201cConfabulario\u201d. Cienfuegos. 2000.<\/li>\n<li style=\"font-size: 16px;\">Premio Provincial de Cultura Comunitaria a Teatro de los Elementos. Cienfuegos. Agosto 2001.<\/li>\n<li style=\"font-size: 16px;\">Nombramiento como \u201cHijo Ilustre de la Ciudad\u201d a Jos\u00e9 Oriol Gonz\u00e1lez, conferido por la Asamblea Municipal del Poder Popular. Cumanayagua. 2001.<\/li>\n<li style=\"font-size: 16px;\">Premio Nacional de Cultura Comunitaria conferido a Jos\u00e9 Oriol Gonz\u00e1lez por su destacada trayectoria en la integraci\u00f3n de las diferentes artes en su recorrido por comunidades cubanas. Noviembre 2002.<\/li>\n<li style=\"font-size: 16px;\">Premio\u00a0 \u201cVillanueva\u201d de la cr\u00edtica especializada. \u201cUna Casa en La Frontera\u201d. 2004<\/li>\n<li style=\"font-size: 16px;\">Premio Provincial de Teatro Cienfuegos. Jos\u00e9 Oriol Gonz\u00e1lez .2014.<\/li>\n<li>Premio \u201cVillanueva\u201d de la cr\u00edtica a la Obra \u00a8Monta\u00f1eses\u00a8.2016<\/li>\n<li>Premio Provincial de Teatro Cienfuegos. Isnoel Y\u00e1nes. 2017<\/li>\n<li>Premio Nacional Cultura Comunitaria conferido al\u00a0 Grupo Teatro de los Elementos. 2021<\/li>\n<\/ul>\n\n\n<figure class=\"wp-block-gallery has-nested-images columns-4 is-cropped has-background wp-block-gallery-1 is-layout-flex wp-block-gallery-is-layout-flex\" style=\"background:radial-gradient(rgb(238,238,238) undefined%,rgb(169,184,195) 100%)\">\n<figure class=\"wp-block-image size-full\"><a href=\"http:\/\/teatroloselementos.cult.cu\/wp-content\/uploads\/2023\/03\/277242488_143706274809707_3126069803235626080_n.jpg\"><img loading=\"lazy\" decoding=\"async\" width=\"450\" height=\"672\" data-id=\"2501\" src=\"http:\/\/teatroloselementos.cult.cu\/wp-content\/uploads\/2023\/03\/277242488_143706274809707_3126069803235626080_n.jpg\" alt=\"\" class=\"wp-image-2501\" srcset=\"https:\/\/teatroloselementos.cult.cu\/wp-content\/uploads\/2023\/03\/277242488_143706274809707_3126069803235626080_n.jpg 450w, https:\/\/teatroloselementos.cult.cu\/wp-content\/uploads\/2023\/03\/277242488_143706274809707_3126069803235626080_n-201x300.jpg 201w\" sizes=\"auto, (max-width: 450px) 100vw, 450px\" \/><\/a><figcaption class=\"wp-element-caption\">Premio Nacional de Cultura Comunitaria  2021 <\/figcaption><\/figure>\n\n\n\n<figure class=\"wp-block-image size-large\"><a href=\"http:\/\/teatroloselementos.cult.cu\/wp-content\/uploads\/2023\/01\/Imagen2.jpg\"><img loading=\"lazy\" decoding=\"async\" width=\"584\" height=\"775\" data-id=\"2049\" src=\"http:\/\/teatroloselementos.cult.cu\/wp-content\/uploads\/2023\/01\/Imagen2.jpg\" alt=\"\" class=\"wp-image-2049\" srcset=\"https:\/\/teatroloselementos.cult.cu\/wp-content\/uploads\/2023\/01\/Imagen2.jpg 584w, https:\/\/teatroloselementos.cult.cu\/wp-content\/uploads\/2023\/01\/Imagen2-226x300.jpg 226w\" sizes=\"auto, (max-width: 584px) 100vw, 584px\" \/><\/a><figcaption class=\"wp-element-caption\">Premio Villanueva de la Cr\u00edtica a la Obra Monta\u00f1eses. 2016<\/figcaption><\/figure>\n\n\n\n<figure class=\"wp-block-image size-large\"><a href=\"http:\/\/teatroloselementos.cult.cu\/wp-content\/uploads\/2023\/01\/Imagen13.jpg\"><img loading=\"lazy\" decoding=\"async\" width=\"451\" height=\"751\" data-id=\"2060\" src=\"http:\/\/teatroloselementos.cult.cu\/wp-content\/uploads\/2023\/01\/Imagen13.jpg\" alt=\"\" class=\"wp-image-2060\" srcset=\"https:\/\/teatroloselementos.cult.cu\/wp-content\/uploads\/2023\/01\/Imagen13.jpg 451w, https:\/\/teatroloselementos.cult.cu\/wp-content\/uploads\/2023\/01\/Imagen13-180x300.jpg 180w\" sizes=\"auto, (max-width: 451px) 100vw, 451px\" \/><\/a><figcaption class=\"wp-element-caption\">Reconocimiento de la Asociaci\u00f3n  Hermanos Sa\u00edz (AHS) por la Obra \u00a8Inmigrantes\u00a8  Festival de Camaguey <\/figcaption><\/figure>\n\n\n\n<figure class=\"wp-block-image size-large\"><a href=\"http:\/\/teatroloselementos.cult.cu\/wp-content\/uploads\/2023\/01\/Imagen12.jpg\"><img loading=\"lazy\" decoding=\"async\" width=\"415\" height=\"768\" data-id=\"2059\" src=\"http:\/\/teatroloselementos.cult.cu\/wp-content\/uploads\/2023\/01\/Imagen12.jpg\" alt=\"\" class=\"wp-image-2059\" srcset=\"https:\/\/teatroloselementos.cult.cu\/wp-content\/uploads\/2023\/01\/Imagen12.jpg 415w, https:\/\/teatroloselementos.cult.cu\/wp-content\/uploads\/2023\/01\/Imagen12-162x300.jpg 162w\" sizes=\"auto, (max-width: 415px) 100vw, 415px\" \/><\/a><figcaption class=\"wp-element-caption\">Placa Avellaneda por la Obra de la Vida conferida a Jose Oriol  Gonz\u00e1lez por la Obra \u00a8Monta\u00f1eses\u00a8<\/figcaption><\/figure>\n\n\n\n<figure class=\"wp-block-image size-large\"><a href=\"http:\/\/teatroloselementos.cult.cu\/wp-content\/uploads\/2023\/01\/Imagen8.jpg\"><img loading=\"lazy\" decoding=\"async\" width=\"450\" height=\"752\" data-id=\"2055\" src=\"http:\/\/teatroloselementos.cult.cu\/wp-content\/uploads\/2023\/01\/Imagen8.jpg\" alt=\"\" class=\"wp-image-2055\" srcset=\"https:\/\/teatroloselementos.cult.cu\/wp-content\/uploads\/2023\/01\/Imagen8.jpg 450w, https:\/\/teatroloselementos.cult.cu\/wp-content\/uploads\/2023\/01\/Imagen8-180x300.jpg 180w\" sizes=\"auto, (max-width: 450px) 100vw, 450px\" \/><\/a><figcaption class=\"wp-element-caption\">\u00c1rbol de Araucaria. Premio a la Obra Inmigrantes Brasil<\/figcaption><\/figure>\n\n\n\n<figure class=\"wp-block-image size-large\"><a href=\"http:\/\/teatroloselementos.cult.cu\/wp-content\/uploads\/2023\/01\/Imagen10.jpg\"><img loading=\"lazy\" decoding=\"async\" width=\"466\" height=\"817\" data-id=\"2057\" src=\"http:\/\/teatroloselementos.cult.cu\/wp-content\/uploads\/2023\/01\/Imagen10.jpg\" alt=\"\" class=\"wp-image-2057\" srcset=\"https:\/\/teatroloselementos.cult.cu\/wp-content\/uploads\/2023\/01\/Imagen10.jpg 466w, https:\/\/teatroloselementos.cult.cu\/wp-content\/uploads\/2023\/01\/Imagen10-171x300.jpg 171w\" sizes=\"auto, (max-width: 466px) 100vw, 466px\" \/><\/a><figcaption class=\"wp-element-caption\">\u00a8El Eraldillo\u00a8, Gran Premio CIERIC-UNIAC a Jose Oriol Gonzalez 2004. <\/figcaption><\/figure>\n\n\n\n<figure class=\"wp-block-image size-large\"><a href=\"http:\/\/teatroloselementos.cult.cu\/wp-content\/uploads\/2023\/01\/Imagen6.jpg\"><img loading=\"lazy\" decoding=\"async\" width=\"788\" height=\"534\" data-id=\"2053\" src=\"http:\/\/teatroloselementos.cult.cu\/wp-content\/uploads\/2023\/01\/Imagen6.jpg\" alt=\"\" class=\"wp-image-2053\" srcset=\"https:\/\/teatroloselementos.cult.cu\/wp-content\/uploads\/2023\/01\/Imagen6.jpg 788w, https:\/\/teatroloselementos.cult.cu\/wp-content\/uploads\/2023\/01\/Imagen6-300x203.jpg 300w, https:\/\/teatroloselementos.cult.cu\/wp-content\/uploads\/2023\/01\/Imagen6-768x520.jpg 768w\" sizes=\"auto, (max-width: 788px) 100vw, 788px\" \/><\/a><figcaption class=\"wp-element-caption\">Reconocimiento del VI Festival Nacional de Payasos Trompoloco 2002<\/figcaption><\/figure>\n\n\n\n<figure class=\"wp-block-image size-large\"><a href=\"http:\/\/teatroloselementos.cult.cu\/wp-content\/uploads\/2023\/01\/Imagen11.jpg\"><img loading=\"lazy\" decoding=\"async\" width=\"532\" height=\"759\" data-id=\"2058\" src=\"http:\/\/teatroloselementos.cult.cu\/wp-content\/uploads\/2023\/01\/Imagen11.jpg\" alt=\"\" class=\"wp-image-2058\" srcset=\"https:\/\/teatroloselementos.cult.cu\/wp-content\/uploads\/2023\/01\/Imagen11.jpg 532w, https:\/\/teatroloselementos.cult.cu\/wp-content\/uploads\/2023\/01\/Imagen11-210x300.jpg 210w\" sizes=\"auto, (max-width: 532px) 100vw, 532px\" \/><\/a><figcaption class=\"wp-element-caption\">Mascar\u00f3n del Teatro Tomas Terry . Premio a la Obra \u00a8Inmigrantes\u00a8. 1996  <\/figcaption><\/figure>\n\n\n\n<figure class=\"wp-block-image size-large\"><a href=\"http:\/\/teatroloselementos.cult.cu\/wp-content\/uploads\/2023\/01\/Imagen3-1.jpg\"><img loading=\"lazy\" decoding=\"async\" width=\"417\" height=\"758\" data-id=\"2050\" src=\"http:\/\/teatroloselementos.cult.cu\/wp-content\/uploads\/2023\/01\/Imagen3-1.jpg\" alt=\"\" class=\"wp-image-2050\" srcset=\"https:\/\/teatroloselementos.cult.cu\/wp-content\/uploads\/2023\/01\/Imagen3-1.jpg 417w, https:\/\/teatroloselementos.cult.cu\/wp-content\/uploads\/2023\/01\/Imagen3-1-165x300.jpg 165w\" sizes=\"auto, (max-width: 417px) 100vw, 417px\" \/><\/a><figcaption class=\"wp-element-caption\">Reconocimiento de la XXII Edici\u00f3n Cruzada Teatral Guantanamo Baracoa 2018<\/figcaption><\/figure>\n\n\n\n<figure class=\"wp-block-image size-large\"><a href=\"http:\/\/teatroloselementos.cult.cu\/wp-content\/uploads\/2023\/01\/Imagen9.jpg\"><img loading=\"lazy\" decoding=\"async\" width=\"568\" height=\"790\" data-id=\"2056\" src=\"http:\/\/teatroloselementos.cult.cu\/wp-content\/uploads\/2023\/01\/Imagen9.jpg\" alt=\"\" class=\"wp-image-2056\" srcset=\"https:\/\/teatroloselementos.cult.cu\/wp-content\/uploads\/2023\/01\/Imagen9.jpg 568w, https:\/\/teatroloselementos.cult.cu\/wp-content\/uploads\/2023\/01\/Imagen9-216x300.jpg 216w\" sizes=\"auto, (max-width: 568px) 100vw, 568px\" \/><\/a><figcaption class=\"wp-element-caption\">Reconocimiento por el 60 Aniversario 5 Septiembre<\/figcaption><\/figure>\n\n\n\n<figure class=\"wp-block-image size-large\"><a href=\"http:\/\/teatroloselementos.cult.cu\/wp-content\/uploads\/2023\/01\/Imagen17.jpg\"><img loading=\"lazy\" decoding=\"async\" width=\"457\" height=\"561\" data-id=\"2064\" src=\"http:\/\/teatroloselementos.cult.cu\/wp-content\/uploads\/2023\/01\/Imagen17.jpg\" alt=\"\" class=\"wp-image-2064\" srcset=\"https:\/\/teatroloselementos.cult.cu\/wp-content\/uploads\/2023\/01\/Imagen17.jpg 457w, https:\/\/teatroloselementos.cult.cu\/wp-content\/uploads\/2023\/01\/Imagen17-244x300.jpg 244w\" sizes=\"auto, (max-width: 457px) 100vw, 457px\" \/><\/a><figcaption class=\"wp-element-caption\">Asociaci\u00f3n de pedagogos de Cuba<\/figcaption><\/figure>\n\n\n\n<figure class=\"wp-block-image size-large\"><a href=\"http:\/\/teatroloselementos.cult.cu\/wp-content\/uploads\/2023\/01\/Imagen16.jpg\"><img loading=\"lazy\" decoding=\"async\" width=\"710\" height=\"534\" data-id=\"2063\" src=\"http:\/\/teatroloselementos.cult.cu\/wp-content\/uploads\/2023\/01\/Imagen16.jpg\" alt=\"\" class=\"wp-image-2063\" srcset=\"https:\/\/teatroloselementos.cult.cu\/wp-content\/uploads\/2023\/01\/Imagen16.jpg 710w, https:\/\/teatroloselementos.cult.cu\/wp-content\/uploads\/2023\/01\/Imagen16-300x226.jpg 300w\" sizes=\"auto, (max-width: 710px) 100vw, 710px\" \/><\/a><figcaption class=\"wp-element-caption\">Direcci\u00f3n Municipal de Cultura<\/figcaption><\/figure>\n\n\n\n<figure class=\"wp-block-image size-large\"><a href=\"http:\/\/teatroloselementos.cult.cu\/wp-content\/uploads\/2023\/01\/Imagen14.jpg\"><img loading=\"lazy\" decoding=\"async\" width=\"505\" height=\"773\" data-id=\"2061\" src=\"http:\/\/teatroloselementos.cult.cu\/wp-content\/uploads\/2023\/01\/Imagen14.jpg\" alt=\"\" class=\"wp-image-2061\" srcset=\"https:\/\/teatroloselementos.cult.cu\/wp-content\/uploads\/2023\/01\/Imagen14.jpg 505w, https:\/\/teatroloselementos.cult.cu\/wp-content\/uploads\/2023\/01\/Imagen14-196x300.jpg 196w\" sizes=\"auto, (max-width: 505px) 100vw, 505px\" \/><\/a><figcaption class=\"wp-element-caption\">Direcci\u00f3n Provincial de Salud<\/figcaption><\/figure>\n\n\n\n<figure class=\"wp-block-image size-large\"><a href=\"http:\/\/teatroloselementos.cult.cu\/wp-content\/uploads\/2023\/01\/Imagen1.jpg\"><img loading=\"lazy\" decoding=\"async\" width=\"424\" height=\"514\" data-id=\"2048\" src=\"http:\/\/teatroloselementos.cult.cu\/wp-content\/uploads\/2023\/01\/Imagen1.jpg\" alt=\"\" class=\"wp-image-2048\" srcset=\"https:\/\/teatroloselementos.cult.cu\/wp-content\/uploads\/2023\/01\/Imagen1.jpg 424w, https:\/\/teatroloselementos.cult.cu\/wp-content\/uploads\/2023\/01\/Imagen1-247x300.jpg 247w\" sizes=\"auto, (max-width: 424px) 100vw, 424px\" \/><\/a><figcaption class=\"wp-element-caption\">Direcci\u00f3n Provincial de Salud<\/figcaption><\/figure>\n<\/figure>\n\n\n\n<p><\/p>\n","protected":false},"excerpt":{"rendered":"<p>PREMIOS Y DISTINCIONES Distinci\u00f3n por la Cultura Nacional, Conferida a Jos\u00e9 Oriol Gonz\u00e1lez. 1996. Premio a la mejor puesta en<\/p>\n","protected":false},"author":1,"featured_media":0,"parent":0,"menu_order":0,"comment_status":"closed","ping_status":"closed","template":"","meta":{"footnotes":""},"class_list":["post-583","page","type-page","status-publish","hentry"],"yoast_head":"<!-- This site is optimized with the Yoast SEO plugin v20.9 - https:\/\/yoast.com\/wordpress\/plugins\/seo\/ -->\n<title>Premios y Distinciones - Teatro de los Elementos<\/title>\n<meta name=\"robots\" content=\"index, follow, max-snippet:-1, max-image-preview:large, max-video-preview:-1\" \/>\n<link rel=\"canonical\" href=\"https:\/\/teatroloselementos.cult.cu\/index.php\/premios-y-distinciones\/\" \/>\n<meta property=\"og:locale\" content=\"es_ES\" \/>\n<meta property=\"og:type\" content=\"article\" \/>\n<meta property=\"og:title\" content=\"Premios y Distinciones - Teatro de los Elementos\" \/>\n<meta property=\"og:description\" content=\"PREMIOS Y DISTINCIONES Distinci\u00f3n por la Cultura Nacional, Conferida a Jos\u00e9 Oriol Gonz\u00e1lez. 1996. Premio a la mejor puesta en\" \/>\n<meta property=\"og:url\" content=\"https:\/\/teatroloselementos.cult.cu\/index.php\/premios-y-distinciones\/\" \/>\n<meta property=\"og:site_name\" content=\"Teatro de los Elementos\" \/>\n<meta property=\"article:modified_time\" content=\"2023-03-01T16:39:49+00:00\" \/>\n<meta property=\"og:image\" content=\"http:\/\/teatroloselementos.cult.cu\/wp-content\/uploads\/2023\/03\/277242488_143706274809707_3126069803235626080_n.jpg\" \/>\n<meta name=\"twitter:card\" content=\"summary_large_image\" \/>\n<meta name=\"twitter:label1\" content=\"Tiempo de lectura\" \/>\n\t<meta name=\"twitter:data1\" content=\"5 minutos\" \/>\n<script type=\"application\/ld+json\" class=\"yoast-schema-graph\">{\"@context\":\"https:\/\/schema.org\",\"@graph\":[{\"@type\":\"WebPage\",\"@id\":\"https:\/\/teatroloselementos.cult.cu\/index.php\/premios-y-distinciones\/\",\"url\":\"https:\/\/teatroloselementos.cult.cu\/index.php\/premios-y-distinciones\/\",\"name\":\"Premios y Distinciones - Teatro de los Elementos\",\"isPartOf\":{\"@id\":\"https:\/\/teatroloselementos.cult.cu\/#website\"},\"datePublished\":\"2022-06-29T23:42:47+00:00\",\"dateModified\":\"2023-03-01T16:39:49+00:00\",\"breadcrumb\":{\"@id\":\"https:\/\/teatroloselementos.cult.cu\/index.php\/premios-y-distinciones\/#breadcrumb\"},\"inLanguage\":\"es\",\"potentialAction\":[{\"@type\":\"ReadAction\",\"target\":[\"https:\/\/teatroloselementos.cult.cu\/index.php\/premios-y-distinciones\/\"]}]},{\"@type\":\"BreadcrumbList\",\"@id\":\"https:\/\/teatroloselementos.cult.cu\/index.php\/premios-y-distinciones\/#breadcrumb\",\"itemListElement\":[{\"@type\":\"ListItem\",\"position\":1,\"name\":\"Portada\",\"item\":\"https:\/\/teatroloselementos.cult.cu\/\"},{\"@type\":\"ListItem\",\"position\":2,\"name\":\"Premios y Distinciones\"}]},{\"@type\":\"WebSite\",\"@id\":\"https:\/\/teatroloselementos.cult.cu\/#website\",\"url\":\"https:\/\/teatroloselementos.cult.cu\/\",\"name\":\"Teatro de los Elementos\",\"description\":\"\",\"publisher\":{\"@id\":\"https:\/\/teatroloselementos.cult.cu\/#organization\"},\"potentialAction\":[{\"@type\":\"SearchAction\",\"target\":{\"@type\":\"EntryPoint\",\"urlTemplate\":\"https:\/\/teatroloselementos.cult.cu\/?s={search_term_string}\"},\"query-input\":\"required name=search_term_string\"}],\"inLanguage\":\"es\"},{\"@type\":\"Organization\",\"@id\":\"https:\/\/teatroloselementos.cult.cu\/#organization\",\"name\":\"Teatro de los Elementos\",\"url\":\"https:\/\/teatroloselementos.cult.cu\/\",\"logo\":{\"@type\":\"ImageObject\",\"inLanguage\":\"es\",\"@id\":\"https:\/\/teatroloselementos.cult.cu\/#\/schema\/logo\/image\/\",\"url\":\"https:\/\/teatroloselementos.cult.cu\/wp-content\/uploads\/2022\/11\/baner-2.jpg\",\"contentUrl\":\"https:\/\/teatroloselementos.cult.cu\/wp-content\/uploads\/2022\/11\/baner-2.jpg\",\"width\":1100,\"height\":200,\"caption\":\"Teatro de los  Elementos\"},\"image\":{\"@id\":\"https:\/\/teatroloselementos.cult.cu\/#\/schema\/logo\/image\/\"}}]}<\/script>\n<!-- \/ Yoast SEO plugin. -->","yoast_head_json":{"title":"Premios y Distinciones - Teatro de los Elementos","robots":{"index":"index","follow":"follow","max-snippet":"max-snippet:-1","max-image-preview":"max-image-preview:large","max-video-preview":"max-video-preview:-1"},"canonical":"https:\/\/teatroloselementos.cult.cu\/index.php\/premios-y-distinciones\/","og_locale":"es_ES","og_type":"article","og_title":"Premios y Distinciones - Teatro de los Elementos","og_description":"PREMIOS Y DISTINCIONES Distinci\u00f3n por la Cultura Nacional, Conferida a Jos\u00e9 Oriol Gonz\u00e1lez. 1996. Premio a la mejor puesta en","og_url":"https:\/\/teatroloselementos.cult.cu\/index.php\/premios-y-distinciones\/","og_site_name":"Teatro de los Elementos","article_modified_time":"2023-03-01T16:39:49+00:00","og_image":[{"url":"http:\/\/teatroloselementos.cult.cu\/wp-content\/uploads\/2023\/03\/277242488_143706274809707_3126069803235626080_n.jpg"}],"twitter_card":"summary_large_image","twitter_misc":{"Tiempo de lectura":"5 minutos"},"schema":{"@context":"https:\/\/schema.org","@graph":[{"@type":"WebPage","@id":"https:\/\/teatroloselementos.cult.cu\/index.php\/premios-y-distinciones\/","url":"https:\/\/teatroloselementos.cult.cu\/index.php\/premios-y-distinciones\/","name":"Premios y Distinciones - Teatro de los Elementos","isPartOf":{"@id":"https:\/\/teatroloselementos.cult.cu\/#website"},"datePublished":"2022-06-29T23:42:47+00:00","dateModified":"2023-03-01T16:39:49+00:00","breadcrumb":{"@id":"https:\/\/teatroloselementos.cult.cu\/index.php\/premios-y-distinciones\/#breadcrumb"},"inLanguage":"es","potentialAction":[{"@type":"ReadAction","target":["https:\/\/teatroloselementos.cult.cu\/index.php\/premios-y-distinciones\/"]}]},{"@type":"BreadcrumbList","@id":"https:\/\/teatroloselementos.cult.cu\/index.php\/premios-y-distinciones\/#breadcrumb","itemListElement":[{"@type":"ListItem","position":1,"name":"Portada","item":"https:\/\/teatroloselementos.cult.cu\/"},{"@type":"ListItem","position":2,"name":"Premios y Distinciones"}]},{"@type":"WebSite","@id":"https:\/\/teatroloselementos.cult.cu\/#website","url":"https:\/\/teatroloselementos.cult.cu\/","name":"Teatro de los Elementos","description":"","publisher":{"@id":"https:\/\/teatroloselementos.cult.cu\/#organization"},"potentialAction":[{"@type":"SearchAction","target":{"@type":"EntryPoint","urlTemplate":"https:\/\/teatroloselementos.cult.cu\/?s={search_term_string}"},"query-input":"required name=search_term_string"}],"inLanguage":"es"},{"@type":"Organization","@id":"https:\/\/teatroloselementos.cult.cu\/#organization","name":"Teatro de los Elementos","url":"https:\/\/teatroloselementos.cult.cu\/","logo":{"@type":"ImageObject","inLanguage":"es","@id":"https:\/\/teatroloselementos.cult.cu\/#\/schema\/logo\/image\/","url":"https:\/\/teatroloselementos.cult.cu\/wp-content\/uploads\/2022\/11\/baner-2.jpg","contentUrl":"https:\/\/teatroloselementos.cult.cu\/wp-content\/uploads\/2022\/11\/baner-2.jpg","width":1100,"height":200,"caption":"Teatro de los  Elementos"},"image":{"@id":"https:\/\/teatroloselementos.cult.cu\/#\/schema\/logo\/image\/"}}]}},"_links":{"self":[{"href":"https:\/\/teatroloselementos.cult.cu\/index.php\/wp-json\/wp\/v2\/pages\/583","targetHints":{"allow":["GET"]}}],"collection":[{"href":"https:\/\/teatroloselementos.cult.cu\/index.php\/wp-json\/wp\/v2\/pages"}],"about":[{"href":"https:\/\/teatroloselementos.cult.cu\/index.php\/wp-json\/wp\/v2\/types\/page"}],"author":[{"embeddable":true,"href":"https:\/\/teatroloselementos.cult.cu\/index.php\/wp-json\/wp\/v2\/users\/1"}],"replies":[{"embeddable":true,"href":"https:\/\/teatroloselementos.cult.cu\/index.php\/wp-json\/wp\/v2\/comments?post=583"}],"version-history":[{"count":26,"href":"https:\/\/teatroloselementos.cult.cu\/index.php\/wp-json\/wp\/v2\/pages\/583\/revisions"}],"predecessor-version":[{"id":2515,"href":"https:\/\/teatroloselementos.cult.cu\/index.php\/wp-json\/wp\/v2\/pages\/583\/revisions\/2515"}],"wp:attachment":[{"href":"https:\/\/teatroloselementos.cult.cu\/index.php\/wp-json\/wp\/v2\/media?parent=583"}],"curies":[{"name":"wp","href":"https:\/\/api.w.org\/{rel}","templated":true}]}}